{"id":7,"date":"2020-07-27T09:58:05","date_gmt":"2020-07-27T09:58:05","guid":{"rendered":"https:\/\/www.janetti.fi\/eraveikot\/demo\/?page_id=7"},"modified":"2025-08-24T18:01:09","modified_gmt":"2025-08-24T18:01:09","slug":"etusivu-esittely","status":"publish","type":"page","link":"https:\/\/www.janetti.fi\/eraveikot\/","title":{"rendered":"Etusivu\/esittely"},"content":{"rendered":"\n<h2 class=\"wp-block-heading\">Kangasniemen Er\u00e4veikot ry<\/h2>\n\n\n\n<p>Kangasniemen Er\u00e4veikot ry on perinteinen mets\u00e4stysseura, jonka j\u00e4senet harrastavat mets\u00e4stys- ja riistanhoitotoimintaa Kangasniemell\u00e4. Kangasniemen Er\u00e4veikkojen perustamiskokous pidettiin marraskuussa 1950, eli seura t\u00e4ytt\u00e4\u00e4 jo 75 vuotta!<\/p>\n\n\n\n<p>Er\u00e4veikkojen mets\u00e4stysoikeus k\u00e4sitt\u00e4\u00e4 noin 3500 hehtaaria maata. Seurassa on t\u00e4ll\u00e4 noin 110 j\u00e4sent\u00e4 ja toiminta on vire\u00e4\u00e4. <a href=\"https:\/\/www.janetti.fi\/eraveikot\/demo\/jasenyys\/\">Katso ohjeet j\u00e4senhakemuksen tekemiseksi!<\/a> <\/p>\n\n\n\n<p>Seuran p\u00e4\u00e4paikkana on Kutemaj\u00e4rven kyl\u00e4ll\u00e4 sijaitseva M\u00e4nnist\u00f6n tila. <\/p>\n\n\n\n<figure class=\"wp-block-image size-large\"><img loading=\"lazy\" decoding=\"async\" width=\"1024\" height=\"800\" src=\"https:\/\/www.janetti.fi\/eraveikot\/wp-content\/uploads\/2025\/08\/martta-1024x800.jpg\" alt=\"\" class=\"wp-image-734\" srcset=\"https:\/\/www.janetti.fi\/eraveikot\/wp-content\/uploads\/2025\/08\/martta-1024x800.jpg 1024w, https:\/\/www.janetti.fi\/eraveikot\/wp-content\/uploads\/2025\/08\/martta-300x235.jpg 300w, https:\/\/www.janetti.fi\/eraveikot\/wp-content\/uploads\/2025\/08\/martta-768x600.jpg 768w, https:\/\/www.janetti.fi\/eraveikot\/wp-content\/uploads\/2025\/08\/martta-1536x1201.jpg 1536w, https:\/\/www.janetti.fi\/eraveikot\/wp-content\/uploads\/2025\/08\/martta-2048x1601.jpg 2048w\" sizes=\"auto, (max-width: 1024px) 100vw, 1024px\" \/><\/figure>\n\n\n\n<div style=\"height:20px\" aria-hidden=\"true\" class=\"wp-block-spacer\"><\/div>\n\n\n\n<h3 class=\"wp-block-heading\"><strong>Uusimmat julkaisut: <\/strong><\/h3>\n\n\n<ul class=\"wp-block-latest-posts__list wp-block-latest-posts\"><li><a class=\"wp-block-latest-posts__post-title\" href=\"https:\/\/www.janetti.fi\/eraveikot\/eraveikkojen-vuosikokous-manniston-majalla-ke-22-4-2026-klo-18-00\/\">Er\u00e4veikkojen talvikokous j\u00e4rjestettiin M\u00e4nnist\u00f6n majalla 22.4.20260<\/a><\/li>\n<li><a class=\"wp-block-latest-posts__post-title\" href=\"https:\/\/www.janetti.fi\/eraveikot\/miska-laitiselle-rhyn-pienpetokisan-voitto\/\">Miska Laitiselle RHY:n pienpetokisan voitto<\/a><\/li>\n<li><a class=\"wp-block-latest-posts__post-title\" href=\"https:\/\/www.janetti.fi\/eraveikot\/mukana-ilveksen-lumijalkilaskennassa\/\">Mukana ilveksen lumij\u00e4lkilaskennassa<\/a><\/li>\n<li><a class=\"wp-block-latest-posts__post-title\" href=\"https:\/\/www.janetti.fi\/eraveikot\/on-aika-ilmoittaa-pienpetosaaliit-vuodelta-2025\/\">On aika ilmoittaa pienpetosaaliit vuodelta 2025!<\/a><\/li>\n<li><a class=\"wp-block-latest-posts__post-title\" href=\"https:\/\/www.janetti.fi\/eraveikot\/tervetuloa-hirvipeijaisiin-2\/\">Hirvipeijaisia vietettiin 8.11.2025 M\u00e4nnist\u00f6n majalla<\/a><\/li>\n<\/ul>\n\n\n<figure class=\"wp-block-image size-large\"><img loading=\"lazy\" decoding=\"async\" width=\"900\" height=\"675\" src=\"https:\/\/www.janetti.fi\/eraveikot\/wp-content\/uploads\/2020\/09\/IMG_0329.jpg\" alt=\"\" class=\"wp-image-240\" srcset=\"https:\/\/www.janetti.fi\/eraveikot\/wp-content\/uploads\/2020\/09\/IMG_0329.jpg 900w, https:\/\/www.janetti.fi\/eraveikot\/wp-content\/uploads\/2020\/09\/IMG_0329-300x225.jpg 300w, https:\/\/www.janetti.fi\/eraveikot\/wp-content\/uploads\/2020\/09\/IMG_0329-768x576.jpg 768w\" sizes=\"auto, (max-width: 900px) 100vw, 900px\" \/><figcaption class=\"wp-element-caption\"><em>Maisema er\u00e4\u00e4n\u00e4 lokakuisena hirvenmets\u00e4stysaamuna.<\/em><\/figcaption><\/figure>\n\n\n\n<p><em>(Yl\u00e4reunan iso hirvikuva: Miska Laitinen, teerikuva: Pixabay, suomenpystykorva: Jyri Pylv\u00e4n\u00e4inen, maisema: Jaana Laitinen)<\/em><\/p>\n","protected":false},"excerpt":{"rendered":"<p>Kangasniemen Er\u00e4veikot ry Kangasniemen Er\u00e4veikot ry on perinteinen mets\u00e4stysseura, jonka j\u00e4senet harrastavat mets\u00e4stys- ja riistanhoitotoimintaa Kangasniemell\u00e4. Kangasniemen Er\u00e4veikkojen perustamiskokous pidettiin marraskuussa 1950, eli seura t\u00e4ytt\u00e4\u00e4 jo 75 vuotta! Er\u00e4veikkojen mets\u00e4stysoikeus k\u00e4sitt\u00e4\u00e4 noin 3500 hehtaaria maata. Seurassa on t\u00e4ll\u00e4 noin 110 j\u00e4sent\u00e4 ja toiminta on vire\u00e4\u00e4. Katso ohjeet j\u00e4senhakemuksen tekemiseksi! Seuran p\u00e4\u00e4paikkana on Kutemaj\u00e4rven kyl\u00e4ll\u00e4 sijaitseva [&hellip;]<\/p>\n","protected":false},"author":1,"featured_media":0,"parent":0,"menu_order":0,"comment_status":"closed","ping_status":"closed","template":"","meta":{"footnotes":""},"class_list":["post-7","page","type-page","status-publish","hentry"],"_links":{"self":[{"href":"https:\/\/www.janetti.fi\/eraveikot\/wp-json\/wp\/v2\/pages\/7","targetHints":{"allow":["GET"]}}],"collection":[{"href":"https:\/\/www.janetti.fi\/eraveikot\/wp-json\/wp\/v2\/pages"}],"about":[{"href":"https:\/\/www.janetti.fi\/eraveikot\/wp-json\/wp\/v2\/types\/page"}],"author":[{"embeddable":true,"href":"https:\/\/www.janetti.fi\/eraveikot\/wp-json\/wp\/v2\/users\/1"}],"replies":[{"embeddable":true,"href":"https:\/\/www.janetti.fi\/eraveikot\/wp-json\/wp\/v2\/comments?post=7"}],"version-history":[{"count":21,"href":"https:\/\/www.janetti.fi\/eraveikot\/wp-json\/wp\/v2\/pages\/7\/revisions"}],"predecessor-version":[{"id":740,"href":"https:\/\/www.janetti.fi\/eraveikot\/wp-json\/wp\/v2\/pages\/7\/revisions\/740"}],"wp:attachment":[{"href":"https:\/\/www.janetti.fi\/eraveikot\/wp-json\/wp\/v2\/media?parent=7"}],"curies":[{"name":"wp","href":"https:\/\/api.w.org\/{rel}","templated":true}]}}