{"id":29,"date":"2020-07-27T10:02:28","date_gmt":"2020-07-27T10:02:28","guid":{"rendered":"https:\/\/www.janetti.fi\/eraveikot\/demo\/?page_id=29"},"modified":"2025-09-10T02:20:05","modified_gmt":"2025-09-10T02:20:05","slug":"muu-riista","status":"publish","type":"page","link":"https:\/\/www.janetti.fi\/eraveikot\/metsastys\/muu-riista\/","title":{"rendered":"Muu riista"},"content":{"rendered":"\n<h3 class=\"wp-block-heading\">Saaliskiinti\u00f6t 2025<\/h3>\n\n\n\n<ul class=\"wp-block-list\">\n<li>Yksi musta metso ja kaksi teert\u00e4 \/ j\u00e4sen. Muu pienriista kiinti\u00f6ist\u00e4 vapaa. <\/li>\n\n\n\n<li>Yksi mets\u00e4kauris \/ j\u00e4sen \/ kausi 2025-2026. Kaurista ei voi mets\u00e4st\u00e4\u00e4 vieraskortilla. Mets\u00e4styksen tulee olla kannanhoidollisesti kest\u00e4v\u00e4\u00e4. Yli nelipiikkist\u00e4 pukkia ei saa ampua. (<a href=\"https:\/\/riista.fi\/wp-content\/uploads\/2013\/03\/Metsakauris.pdf\" target=\"_blank\" rel=\"noreferrer noopener\">Lue hyv\u00e4 tietopaketti mets\u00e4kauriista t\u00e4st\u00e4!<\/a>).<\/li>\n\n\n\n<li>Mets\u00e4kauriista (ja monista muistakin lajeista) tulee tehd\u00e4 lakis\u00e4\u00e4teinen saalisilmoitus. <a href=\"https:\/\/www.riistainfo.fi\/videot\/lakisaateinen-saalisilmoitus-oma-riista-verkkopalvelussa\/\" data-type=\"link\" data-id=\"https:\/\/www.riistainfo.fi\/videot\/lakisaateinen-saalisilmoitus-oma-riista-verkkopalvelussa\/\" target=\"_blank\" rel=\"noreferrer noopener\">Katso lis\u00e4tiedot ja ohje t\u00e4\u00e4lt\u00e4!<\/a><\/li>\n<\/ul>\n\n\n\n<h3 class=\"wp-block-heading\">Rauhoitusalueet <\/h3>\n\n\n\n<ul class=\"wp-block-list\">\n<li>Kuusj\u00e4rven maat (ei lintuja)<\/li>\n\n\n\n<li>Liikasen maat (ei lintuja)<\/li>\n\n\n\n<li>Pilveksen maat (ei lintuja)<\/li>\n\n\n\n<li>Reinikaisen maat (ei lintuja)<\/li>\n\n\n\n<li>Per\u00e4harjun maat (ei metsoa)<\/li>\n\n\n\n<li>Haarajoen lahti on rauhoitettu<\/li>\n\n\n\n<li>Rauhoitusalueet merkattu OmaRiistan karttoihin! <\/li>\n<\/ul>\n\n\n\n<h3 class=\"wp-block-heading\">Muuta huomioitavaa: <\/h3>\n\n\n\n<ul class=\"wp-block-list\">\n<li>Mets\u00e4kanalintuja ei saa ampua ruokintapaikoille.<\/li>\n\n\n\n<li>Seuralla ei ole kaudella 2025-2026 yhteist\u00e4 kyyhkynruokintapaikkaa, vaan kaikki alueen ruokinnat ovat yksityisi\u00e4, j\u00e4senten omalla kustannuksellaan yll\u00e4pit\u00e4mi\u00e4. Eth\u00e4n mene ilman lupaa niihin.<\/li>\n\n\n\n<li>Tietyist\u00e4 lajeista tulee tehd\u00e4 lakis\u00e4\u00e4teinen saalisilmoitus, katso ylemp\u00e4\u00e4 t\u00e4lt\u00e4 sivuilta. Toivomme, ett\u00e4 tekisit OmaRiistaan ilmoituksen kaikista saaliiksi saamistasi lajeista, niin saamme tietoa seuran tilastoihin, t\u00e4m\u00e4 mainitaan my\u00f6s seuran s\u00e4\u00e4nn\u00f6iss\u00e4 j\u00e4senen velvollisuutena.<\/li>\n\n\n\n<li>Saalisilmoitukset ja riistahavainnot voit kirjata k\u00e4tev\u00e4sti OmaRiista-sovelluksen kautta. <\/li>\n<\/ul>\n\n\n\n<p><strong>Katso my\u00f6s: <a rel=\"noreferrer noopener\" href=\"https:\/\/riista.fi\/metsastys\/metsastysajat\/\" target=\"_blank\">mets\u00e4stys- ja pyyntiajat<\/a><\/strong> | <strong><a rel=\"noreferrer noopener\" href=\"https:\/\/www.riistainfo.fi\/videot\/lakisaateinen-saalisilmoitus-oma-riista-verkkopalvelussa\/\" target=\"_blank\">Lakis\u00e4\u00e4teinen saalisilmoitus<\/a><\/strong> <\/p>\n\n\n\n<p><\/p>\n","protected":false},"excerpt":{"rendered":"<p>Saaliskiinti\u00f6t 2025 Rauhoitusalueet Muuta huomioitavaa: Katso my\u00f6s: mets\u00e4stys- ja pyyntiajat | Lakis\u00e4\u00e4teinen saalisilmoitus<\/p>\n","protected":false},"author":1,"featured_media":172,"parent":23,"menu_order":0,"comment_status":"closed","ping_status":"closed","template":"","meta":{"footnotes":""},"class_list":["post-29","page","type-page","status-publish","has-post-thumbnail","hentry"],"_links":{"self":[{"href":"https:\/\/www.janetti.fi\/eraveikot\/wp-json\/wp\/v2\/pages\/29","targetHints":{"allow":["GET"]}}],"collection":[{"href":"https:\/\/www.janetti.fi\/eraveikot\/wp-json\/wp\/v2\/pages"}],"about":[{"href":"https:\/\/www.janetti.fi\/eraveikot\/wp-json\/wp\/v2\/types\/page"}],"author":[{"embeddable":true,"href":"https:\/\/www.janetti.fi\/eraveikot\/wp-json\/wp\/v2\/users\/1"}],"replies":[{"embeddable":true,"href":"https:\/\/www.janetti.fi\/eraveikot\/wp-json\/wp\/v2\/comments?post=29"}],"version-history":[{"count":22,"href":"https:\/\/www.janetti.fi\/eraveikot\/wp-json\/wp\/v2\/pages\/29\/revisions"}],"predecessor-version":[{"id":759,"href":"https:\/\/www.janetti.fi\/eraveikot\/wp-json\/wp\/v2\/pages\/29\/revisions\/759"}],"up":[{"embeddable":true,"href":"https:\/\/www.janetti.fi\/eraveikot\/wp-json\/wp\/v2\/pages\/23"}],"wp:featuredmedia":[{"embeddable":true,"href":"https:\/\/www.janetti.fi\/eraveikot\/wp-json\/wp\/v2\/media\/172"}],"wp:attachment":[{"href":"https:\/\/www.janetti.fi\/eraveikot\/wp-json\/wp\/v2\/media?parent=29"}],"curies":[{"name":"wp","href":"https:\/\/api.w.org\/{rel}","templated":true}]}}