{"id":25,"date":"2020-07-27T10:01:51","date_gmt":"2020-07-27T10:01:51","guid":{"rendered":"https:\/\/www.janetti.fi\/eraveikot\/demo\/?page_id=25"},"modified":"2025-12-02T04:47:07","modified_gmt":"2025-12-02T04:47:07","slug":"hirvi","status":"publish","type":"page","link":"https:\/\/www.janetti.fi\/eraveikot\/metsastys\/hirvi\/","title":{"rendered":"Hirven mets\u00e4stys"},"content":{"rendered":"\n<p><strong>Hirven mets\u00e4stys k\u00e4ynnistyi lauantaina 11.10.2025. <\/strong><\/p>\n\n\n\n<figure class=\"wp-block-image size-full\"><img loading=\"lazy\" decoding=\"async\" width=\"900\" height=\"489\" src=\"https:\/\/www.janetti.fi\/eraveikot\/wp-content\/uploads\/2024\/07\/hirvet_riistakamera.jpg\" alt=\"\" class=\"wp-image-589\" srcset=\"https:\/\/www.janetti.fi\/eraveikot\/wp-content\/uploads\/2024\/07\/hirvet_riistakamera.jpg 900w, https:\/\/www.janetti.fi\/eraveikot\/wp-content\/uploads\/2024\/07\/hirvet_riistakamera-300x163.jpg 300w, https:\/\/www.janetti.fi\/eraveikot\/wp-content\/uploads\/2024\/07\/hirvet_riistakamera-768x417.jpg 768w\" sizes=\"auto, (max-width: 900px) 100vw, 900px\" \/><\/figure>\n\n\n\n<div style=\"height:20px\" aria-hidden=\"true\" class=\"wp-block-spacer\"><\/div>\n\n\n\n<h3 class=\"wp-block-heading\">Johtaja ja varajohtajat<\/h3>\n\n\n\n<p>Hirviporukan johtajana toimii Mauri Hokkanen,<br>puh. 040 531 5477<\/p>\n\n\n\n<p>Varajohtajat: Jyrki Laitinen, Ilkka Pylv\u00e4n\u00e4inen ja Jaana Laitinen<\/p>\n\n\n\n<h3 class=\"wp-block-heading\">Hirvimaksu<\/h3>\n\n\n\n<p>Hirvimaksu 60 \u20ac on suoritettava syyskuun loppuun menness\u00e4&nbsp;Kangasniemen Er\u00e4veikkojen tilille FI03 5105 0620 0333 84.<\/p>\n\n\n\n<figure class=\"wp-block-image size-full\"><img loading=\"lazy\" decoding=\"async\" width=\"900\" height=\"931\" src=\"https:\/\/www.janetti.fi\/eraveikot\/wp-content\/uploads\/2023\/07\/hirvijahti22_saaliin-kuljetus.jpg\" alt=\"\" class=\"wp-image-464\" srcset=\"https:\/\/www.janetti.fi\/eraveikot\/wp-content\/uploads\/2023\/07\/hirvijahti22_saaliin-kuljetus.jpg 900w, https:\/\/www.janetti.fi\/eraveikot\/wp-content\/uploads\/2023\/07\/hirvijahti22_saaliin-kuljetus-290x300.jpg 290w, https:\/\/www.janetti.fi\/eraveikot\/wp-content\/uploads\/2023\/07\/hirvijahti22_saaliin-kuljetus-768x794.jpg 768w\" sizes=\"auto, (max-width: 900px) 100vw, 900px\" \/><figcaption class=\"wp-element-caption\"><em>Hirven kuljetusta pois maastosta syksyll\u00e4 2022.<\/em><\/figcaption><\/figure>\n\n\n\n<h3 class=\"wp-block-heading\">Muuta infoa\/s\u00e4\u00e4nt\u00f6j\u00e4<\/h3>\n\n\n\n<ul class=\"wp-block-list\">\n<li>Pyyntilupia on kuusi (2 urosta, 2 naarasta, nelj\u00e4 vasaa).<\/li>\n\n\n\n<li>Hirvijahdissa on sallittua k\u00e4ytt\u00e4\u00e4 ainoastaan lyijytt\u00f6mi\u00e4 panoksia.<\/li>\n\n\n\n<li>Hirvenampumakoe tulee olla voimassa. <a href=\"https:\/\/www.janetti.fi\/eraveikot\/ampumakokeet-2025-paukkusuon-ampumaradalla\/\" data-type=\"post\" data-id=\"693\">Katso 2025 kokeet t\u00e4st\u00e4! <\/a><\/li>\n\n\n\n<li>Mets\u00e4st\u00e4jien tulisi k\u00e4yd\u00e4 seuran rataharjoituksissa ennen jahdin alkua ja ampua &#8221;hirvimerkki&#8221; ampumataidon osoittamiseksi.<\/li>\n\n\n\n<li>Mets\u00e4stysp\u00e4iv\u00e4t: osallistumissuositus lihaosuuden s\u00e4ilytt\u00e4miseksi 1 p\u00e4iv\u00e4\/viikonvaihde tai siit\u00e4 soveltaen esim. joka toinen vkonloppu molempina p\u00e4ivin\u00e4&#8230; Lihanpaloitteluun osallistuminen luetaan mets\u00e4stysp\u00e4iv\u00e4ksi.&nbsp;<\/li>\n\n\n\n<li>Hirvipeijaiset lauantaina 8.11. klo 15-18 M\u00e4nnist\u00f6n majalla.<\/li>\n\n\n\n<li>Hirviseurueella on oma WhatsApp-ryhm\u00e4. Jahdeissa k\u00e4yt\u00e4mme Tracker-sovellusta. <\/li>\n<\/ul>\n\n\n\n<figure class=\"wp-block-image size-full\"><img loading=\"lazy\" decoding=\"async\" width=\"900\" height=\"506\" src=\"https:\/\/www.janetti.fi\/eraveikot\/wp-content\/uploads\/2023\/07\/saaliinkasittely.jpg\" alt=\"\" class=\"wp-image-466\" srcset=\"https:\/\/www.janetti.fi\/eraveikot\/wp-content\/uploads\/2023\/07\/saaliinkasittely.jpg 900w, https:\/\/www.janetti.fi\/eraveikot\/wp-content\/uploads\/2023\/07\/saaliinkasittely-300x169.jpg 300w, https:\/\/www.janetti.fi\/eraveikot\/wp-content\/uploads\/2023\/07\/saaliinkasittely-768x432.jpg 768w\" sizes=\"auto, (max-width: 900px) 100vw, 900px\" \/><figcaption class=\"wp-element-caption\"><em>Saaliin nylkemist\u00e4 Er\u00e4veikkojen jahtip\u00e4iv\u00e4n p\u00e4\u00e4tteeksi.<\/em><\/figcaption><\/figure>\n","protected":false},"excerpt":{"rendered":"<p>Hirven mets\u00e4stys k\u00e4ynnistyi lauantaina 11.10.2025. Johtaja ja varajohtajat Hirviporukan johtajana toimii Mauri Hokkanen,puh. 040 531 5477 Varajohtajat: Jyrki Laitinen, Ilkka Pylv\u00e4n\u00e4inen ja Jaana Laitinen Hirvimaksu Hirvimaksu 60 \u20ac on suoritettava syyskuun loppuun menness\u00e4&nbsp;Kangasniemen Er\u00e4veikkojen tilille FI03 5105 0620 0333 84. Muuta infoa\/s\u00e4\u00e4nt\u00f6j\u00e4<\/p>\n","protected":false},"author":1,"featured_media":168,"parent":23,"menu_order":0,"comment_status":"closed","ping_status":"closed","template":"","meta":{"footnotes":""},"class_list":["post-25","page","type-page","status-publish","has-post-thumbnail","hentry"],"_links":{"self":[{"href":"https:\/\/www.janetti.fi\/eraveikot\/wp-json\/wp\/v2\/pages\/25","targetHints":{"allow":["GET"]}}],"collection":[{"href":"https:\/\/www.janetti.fi\/eraveikot\/wp-json\/wp\/v2\/pages"}],"about":[{"href":"https:\/\/www.janetti.fi\/eraveikot\/wp-json\/wp\/v2\/types\/page"}],"author":[{"embeddable":true,"href":"https:\/\/www.janetti.fi\/eraveikot\/wp-json\/wp\/v2\/users\/1"}],"replies":[{"embeddable":true,"href":"https:\/\/www.janetti.fi\/eraveikot\/wp-json\/wp\/v2\/comments?post=25"}],"version-history":[{"count":24,"href":"https:\/\/www.janetti.fi\/eraveikot\/wp-json\/wp\/v2\/pages\/25\/revisions"}],"predecessor-version":[{"id":787,"href":"https:\/\/www.janetti.fi\/eraveikot\/wp-json\/wp\/v2\/pages\/25\/revisions\/787"}],"up":[{"embeddable":true,"href":"https:\/\/www.janetti.fi\/eraveikot\/wp-json\/wp\/v2\/pages\/23"}],"wp:featuredmedia":[{"embeddable":true,"href":"https:\/\/www.janetti.fi\/eraveikot\/wp-json\/wp\/v2\/media\/168"}],"wp:attachment":[{"href":"https:\/\/www.janetti.fi\/eraveikot\/wp-json\/wp\/v2\/media?parent=25"}],"curies":[{"name":"wp","href":"https:\/\/api.w.org\/{rel}","templated":true}]}}