{"id":13,"date":"2020-07-27T09:59:18","date_gmt":"2020-07-27T09:59:18","guid":{"rendered":"https:\/\/www.janetti.fi\/eraveikot\/demo\/?page_id=13"},"modified":"2026-04-22T17:54:59","modified_gmt":"2026-04-22T17:54:59","slug":"jasenyys","status":"publish","type":"page","link":"https:\/\/www.janetti.fi\/eraveikot\/jasenyys\/","title":{"rendered":"J\u00e4senyys"},"content":{"rendered":"\n<p>Kangasniemen Er\u00e4veikkojen j\u00e4seneksi voit anoa kirjoittamalla vapaamuotoisen j\u00e4senhakemuksen. Kerro hakemuksessa itsest\u00e4si ja nykyisest\u00e4 tai alkavasta mets\u00e4stysharrastuksestasi. J\u00e4senyyden hyv\u00e4ksymisest\u00e4 p\u00e4\u00e4tt\u00e4\u00e4 seuran yleinen kokous (talvi- tai kes\u00e4kokous). Voit toimittaa anomuksesi vaikkapa s\u00e4hk\u00f6postitse puheenjohtaja Jyri Pylv\u00e4n\u00e4iselle (jyri.pylvanainen(at)gmail.com) tai antaa sen jollekin johtokunnan j\u00e4senist\u00e4.\u00a0Hakemuksen voit l\u00e4hett\u00e4\u00e4 my\u00f6s n\u00e4iden sivujen <a href=\"https:\/\/www.janetti.fi\/eraveikot\/yhteydenotot\/\">yhteydenottolomakkeen<\/a> kautta.<\/p>\n\n\n\n<p>J\u00e4senyys alkaa kahden vuoden mittaisesta koej\u00e4senyydest\u00e4. <a href=\"https:\/\/www.janetti.fi\/eraveikot\/etusivu-esittely\/saannot\/\" data-type=\"page\" data-id=\"21\">Lue lis\u00e4tietoa j\u00e4senyyden eri muodoista s\u00e4\u00e4nn\u00f6t-sivulta!<\/a><\/p>\n\n\n\n<figure class=\"wp-block-image size-large\"><img loading=\"lazy\" decoding=\"async\" width=\"888\" height=\"1024\" src=\"https:\/\/www.janetti.fi\/eraveikot\/wp-content\/uploads\/2023\/07\/Hirvijahti2022-888x1024.jpg\" alt=\"\" class=\"wp-image-465\" srcset=\"https:\/\/www.janetti.fi\/eraveikot\/wp-content\/uploads\/2023\/07\/Hirvijahti2022-888x1024.jpg 888w, https:\/\/www.janetti.fi\/eraveikot\/wp-content\/uploads\/2023\/07\/Hirvijahti2022-260x300.jpg 260w, https:\/\/www.janetti.fi\/eraveikot\/wp-content\/uploads\/2023\/07\/Hirvijahti2022-768x886.jpg 768w, https:\/\/www.janetti.fi\/eraveikot\/wp-content\/uploads\/2023\/07\/Hirvijahti2022.jpg 900w\" sizes=\"auto, (max-width: 888px) 100vw, 888px\" \/><\/figure>\n\n\n\n<div style=\"height:30px\" aria-hidden=\"true\" class=\"wp-block-spacer\"><\/div>\n\n\n\n<h3 class=\"wp-block-heading\">Maksut<\/h3>\n\n\n\n<p>Liittymismaksu on 500 euroa ja vuosittainen j\u00e4senmaksu vuonna 2026 on 70 euroa.\u00a0<\/p>\n\n\n\n<p>Kannattajaj\u00e4senmaksu on 30 euroa. <\/p>\n\n\n\n<p>Talkoomaksu on 30 euroa\/vuosi ja se suoritetaan, mik\u00e4li ei p\u00e4\u00e4se osallistumaan seuran talkoisiin. Talkoomaksu laskutetaan j\u00e4senmaksun yhteydess\u00e4.<\/p>\n\n\n\n<p>Lis\u00e4ksi <a href=\"https:\/\/www.janetti.fi\/eraveikot\/metsastys\/hirvi\/\">hirven mets\u00e4stykseen<\/a> osallistuvilta perit\u00e4\u00e4n erillinen hirvimaksu.<\/p>\n\n\n\n<figure class=\"wp-block-image size-large\"><img loading=\"lazy\" decoding=\"async\" width=\"1000\" height=\"667\" src=\"https:\/\/www.janetti.fi\/eraveikot\/wp-content\/uploads\/2020\/07\/ransu_hirvet_2.jpg\" alt=\"\" class=\"wp-image-174\" srcset=\"https:\/\/www.janetti.fi\/eraveikot\/wp-content\/uploads\/2020\/07\/ransu_hirvet_2.jpg 1000w, https:\/\/www.janetti.fi\/eraveikot\/wp-content\/uploads\/2020\/07\/ransu_hirvet_2-300x200.jpg 300w, https:\/\/www.janetti.fi\/eraveikot\/wp-content\/uploads\/2020\/07\/ransu_hirvet_2-768x512.jpg 768w\" sizes=\"auto, (max-width: 1000px) 100vw, 1000px\" \/><\/figure>\n","protected":false},"excerpt":{"rendered":"<p>Kangasniemen Er\u00e4veikkojen j\u00e4seneksi voit anoa kirjoittamalla vapaamuotoisen j\u00e4senhakemuksen. Kerro hakemuksessa itsest\u00e4si ja nykyisest\u00e4 tai alkavasta mets\u00e4stysharrastuksestasi. J\u00e4senyyden hyv\u00e4ksymisest\u00e4 p\u00e4\u00e4tt\u00e4\u00e4 seuran yleinen kokous (talvi- tai kes\u00e4kokous). Voit toimittaa anomuksesi vaikkapa s\u00e4hk\u00f6postitse puheenjohtaja Jyri Pylv\u00e4n\u00e4iselle (jyri.pylvanainen(at)gmail.com) tai antaa sen jollekin johtokunnan j\u00e4senist\u00e4.\u00a0Hakemuksen voit l\u00e4hett\u00e4\u00e4 my\u00f6s n\u00e4iden sivujen yhteydenottolomakkeen kautta. J\u00e4senyys alkaa kahden vuoden mittaisesta koej\u00e4senyydest\u00e4. Lue lis\u00e4tietoa [&hellip;]<\/p>\n","protected":false},"author":1,"featured_media":0,"parent":0,"menu_order":0,"comment_status":"closed","ping_status":"closed","template":"","meta":{"footnotes":""},"class_list":["post-13","page","type-page","status-publish","hentry"],"_links":{"self":[{"href":"https:\/\/www.janetti.fi\/eraveikot\/wp-json\/wp\/v2\/pages\/13","targetHints":{"allow":["GET"]}}],"collection":[{"href":"https:\/\/www.janetti.fi\/eraveikot\/wp-json\/wp\/v2\/pages"}],"about":[{"href":"https:\/\/www.janetti.fi\/eraveikot\/wp-json\/wp\/v2\/types\/page"}],"author":[{"embeddable":true,"href":"https:\/\/www.janetti.fi\/eraveikot\/wp-json\/wp\/v2\/users\/1"}],"replies":[{"embeddable":true,"href":"https:\/\/www.janetti.fi\/eraveikot\/wp-json\/wp\/v2\/comments?post=13"}],"version-history":[{"count":18,"href":"https:\/\/www.janetti.fi\/eraveikot\/wp-json\/wp\/v2\/pages\/13\/revisions"}],"predecessor-version":[{"id":821,"href":"https:\/\/www.janetti.fi\/eraveikot\/wp-json\/wp\/v2\/pages\/13\/revisions\/821"}],"wp:attachment":[{"href":"https:\/\/www.janetti.fi\/eraveikot\/wp-json\/wp\/v2\/media?parent=13"}],"curies":[{"name":"wp","href":"https:\/\/api.w.org\/{rel}","templated":true}]}}